{"id":29531,"date":"2024-11-06T15:31:18","date_gmt":"2024-11-06T14:31:18","guid":{"rendered":"https:\/\/refonte.saint-gery.com\/?page_id=29531"},"modified":"2025-06-03T23:14:57","modified_gmt":"2025-06-03T21:14:57","slug":"the-kitchens","status":"publish","type":"page","link":"https:\/\/www.saint-gery.com\/en\/les-cuisines\/","title":{"rendered":"Cooked foods"},"content":{"rendered":"<p>Tous nos cuisin\u00e9s sont fabriqu\u00e9s <strong>sans conservateur, ni additif, ni \u00e9mulsifiant, ni aucun ar\u00f4me artificiel ou naturel<\/strong>.<\/p>\n\n\n\n<p>Nous apportons un grand soin aux choix des ingr\u00e9dients qui entrent dans leur composition. Les l\u00e9gumes, les herbes, les aromates et les condiments sont tous cultiv\u00e9s dans notre potager-verger sauvage, le porc est le m\u00eame que celui utilis\u00e9 pour notre jambon et autres salaisons.<\/p>\n\n\n\n<p>Parmi tous nos plats cuisin\u00e9s, en voici trois, embl\u00e9matiques de notre savoir-faire artisanal, de l\u2019esprit de notre cuisine et de l\u2019extr\u00eame qualit\u00e9 des ingr\u00e9dients utilis\u00e9s.<\/p>\n\n\n\n<ul class=\"wp-block-list\">\n<li>Les rillettes<\/li>\n\n\n\n<li>Le p\u00e2t\u00e9 cro\u00fbte ou p\u00e2t\u00e9 en cro\u00fbte<\/li>\n\n\n\n<li>Le bouillon concentr\u00e9 d\u2019os et couennes de jambon&nbsp;<\/li>\n<\/ul>\n\n\n\n<blockquote class=\"wp-block-quote is-layout-flow wp-block-quote-is-layout-flow\">\n<p class=\"has-text-align-left is-style-plain\"><strong>Beaucoup d\u2019autres pr\u00e9parations tr\u00e8s savoureuses sont \u00e0 <a href=\"https:\/\/www.saint-gery.com\/boutiques\/\" data-type=\"page\" data-id=\"6032\">d\u00e9couvrir dans l\u2019espace boutique<\/a>.<\/strong><\/p>\n<\/blockquote>\n\n\n\n<div style=\"height:1px\" aria-hidden=\"true\" id=\"Les-rillettes\" class=\"wp-block-spacer\"><\/div>\n\n\n<div class=\"et_pb_code_0 et_pb_code et_pb_module\"><div class=\"et_pb_code_inner\"><div class=\"separateur-couronne\">\n  <span class=\"separateur-ligne\"><\/span>\n  <span class=\"separateur-icone\">\n    <img decoding=\"async\" \n      src=\"https:\/\/www.saint-gery.com\/wp-content\/uploads\/2024\/11\/Couronne-icone-blason-80px-bot-margin.png\" \n      alt=\"Decorative crown\"\n      width=\"80\"\n    \/>\n  <\/span>\n  <span class=\"separateur-ligne\"><\/span>\n<\/div>\n\n<style>\n.separateur-couronne {\n  display: flex;\n  align-items: center;\n  justify-content: center;\n  width: 100%;\n  margin: 20px auto;\n  gap: 35px;\n}\n\n.separateur-ligne {\n  flex: 1;\n  height: 1px;\n  background-color: #c8a97e;\n  display: block;\n  max-width: 140px;\n}\n\n.separateur-icone {\n  display: flex;\n  align-items: center;\n  justify-content: center;\n  flex-shrink: 0;\n}\n\n.separateur-icone img {\n  display: block;\n  width: 80px;\n  height: auto;\n}\n<\/style><\/div><\/div>\n\n<div class=\"et_pb_with_border et_pb_module et_d4_element torq_divider torq_divider_0\">\n\t\t\t\t\n\t\t\t\t\n\t\t\t\t\n\t\t\t\t\n\t\t\t\t\n\t\t\t\t\n\t\t\t\t<div class=\"et_pb_module_inner\">\n\t\t\t\t\t<div class=\"dtp-module dtp-divider\">\n                <div class=\"dtp-divider__border dtp-divider__border-start\"><\/div>\n                \n                <div class=\"dtp-divider__border dtp-divider__border-end\"><\/div>\n                \n            <\/div>\n\t\t\t\t<\/div>\n\t\t\t<\/div>\n\n\n\n\n<h2 class=\"wp-block-heading\">Les rillettes<\/h2>\n\n\n\n<p>Les rillettes sont pr\u00e9par\u00e9es \u00ab \u00e0 l\u2019ancienne \u00bb. Bien que nous essayions habituellement d\u2019\u00e9viter cette expression galvaud\u00e9e, elle s\u2019applique parfaitement ici. La viande (principalement de la poitrine et un peu d\u2019\u00e9paule) est d\u2019abord cuite dans un chaudron fonte et inox jusqu\u2019\u00e0 coloration bien marqu\u00e9e (environ 2 heures en remuant r\u00e9guli\u00e8rement).<\/p>\n\n\n\n<p>Apr\u00e8s l\u2019ajout de la garniture aromatique (oignons, ail), on laisse compoter \u00e0 couvert pendant 6 \u00e0 8 heures \u00e0 feu tr\u00e8s doux, puis on \u00e9teint le feu.<\/p>\n\n\n\n<div aria-label=\"Collage Gallery\" class=\"wp-block-coblocks-gallery-collage alignwide is-style-tiled has-small-gutter\"><ul><li class=\"wp-block-coblocks-gallery-collage__item item-1\"><figure class=\"wp-block-coblocks-gallery-collage__figure\"><img decoding=\"async\" width=\"890\" height=\"720\" alt=\"Gallery Image\" class=\"wp-image-3342\" data-id=\"3342\" data-imglink=\"\" data-index=\"0\" data-link=\"https:\/\/www.saint-gery.com\/wp-content\/uploads\/2014\/06\/rillettes-en-cuisson.jpg\" src=\"https:\/\/www.saint-gery.com\/wp-content\/uploads\/2014\/06\/rillettes-en-cuisson.jpg\"\/><\/figure><\/li><li class=\"wp-block-coblocks-gallery-collage__item item-2\"><figure class=\"wp-block-coblocks-gallery-collage__figure\"><img decoding=\"async\" width=\"427\" height=\"393\" alt=\"Gallery Image\" class=\"wp-image-4151\" data-id=\"4151\" data-imglink=\"\" data-index=\"1\" data-link=\"https:\/\/www.saint-gery.com\/wp-content\/uploads\/2014\/06\/les-rillettes-de-pascal-duler-IMG_3865-e1437988518608.jpeg\" src=\"https:\/\/www.saint-gery.com\/wp-content\/uploads\/2014\/06\/les-rillettes-de-pascal-duler-IMG_3865-e1437988518608.jpeg\"\/><\/figure><\/li><li class=\"wp-block-coblocks-gallery-collage__item item-3\"><figure class=\"wp-block-coblocks-gallery-collage__figure\"><img decoding=\"async\" width=\"1024\" height=\"959\" alt=\"Gallery Image\" class=\"wp-image-25947\" data-id=\"25947\" data-imglink=\"\" data-index=\"2\" data-link=\"https:\/\/www.saint-gery.com\/wp-content\/uploads\/2023\/12\/Coffret-rillettes_IMGL8478-scaled-1-e1709321852970.jpg\" src=\"https:\/\/www.saint-gery.com\/wp-content\/uploads\/2023\/12\/Coffret-rillettes_IMGL8478-scaled-1-e1709321852970-1024x959.jpg\"\/><\/figure><\/li><li class=\"wp-block-coblocks-gallery-collage__item item-4\"><figure class=\"wp-block-coblocks-gallery-collage__figure\"><img decoding=\"async\" width=\"1024\" height=\"682\" alt=\"Gallery Image\" class=\"wp-image-11092\" data-id=\"11092\" data-imglink=\"\" data-index=\"3\" data-link=\"https:\/\/www.saint-gery.com\/wp-content\/uploads\/2019\/10\/LEDELAS_Assiette-4_WEB_IMGL2525.jpg\" src=\"https:\/\/www.saint-gery.com\/wp-content\/uploads\/2019\/10\/LEDELAS_Assiette-4_WEB_IMGL2525-1024x682.jpg\"\/><\/figure><\/li><\/ul><\/div>\n\n\n\n<p>\u00c0 ce moment-l\u00e0, le gras remonte \u00e0 la surface, on enl\u00e8ve la plus grosse partie du gras et on red\u00e9marre la cuisson en remuant sans arr\u00eat. L\u2019objectif est d\u2019\u00e9vacuer le maximum d\u2019humidit\u00e9 tout en \u00e9miettant les morceaux de viande. Au bout d\u2019environ deux heures de ce traitement, la viande est compl\u00e8tement d\u00e9faite et commence \u00e0 accrocher au fond du chaudron (et vous avez mal aux bras).<\/p>\n\n\n\n<p>C\u2019est \u00e0 partir de l\u00e0 que l\u2019on remet le gras petit \u00e0 petit sans cesser de remuer, cr\u00e9ant ainsi une \u00e9mulsion (\u00e0 l\u2019instar d\u2019une mayonnaise), jusqu\u2019\u00e0 saturation.<br>Et c\u2019est fini, on peut mettre en pot, en terrine ou autre.<\/p>\n\n\n\n<p>Cette technique longue et contraignante a fait le bonheur de nombreuses g\u00e9n\u00e9rations de Fran\u00e7ais avec un produit extr\u00eamement savoureux (r\u00e9action de Maillard en cascade) et parfaitement stable (les rillettes ont \u00e9t\u00e9 invent\u00e9es avant la naissance de Monsieur Frigidaire). En effet, avec ce proc\u00e9d\u00e9, nous avons remplac\u00e9 la plus grande partie de l\u2019eau contenue dans la viande par de la graisse qui emp\u00eache les bact\u00e9ries pathog\u00e8nes de se d\u00e9velopper tout en captant l\u2019ensemble des ar\u00f4mes.<\/p>\n\n\n\n<p>C\u2019est un r\u00e9gal\u00a0!<\/p>\n\n\n\n<blockquote class=\"wp-block-quote is-layout-flow wp-block-quote-is-layout-flow\">\n<p>Nous fabriquons \u00e9galement d\u2019autres p\u00e2t\u00e9s et terrines que vous pourrez <a data-type=\"page\" data-id=\"6032\" href=\"https:\/\/www.saint-gery.com\/boutiques\/\">d\u00e9couvrir sur l\u2019espace boutique<\/a>.<\/p>\n<\/blockquote>\n\n\n\n<div style=\"height:1px\" aria-hidden=\"true\" id=\"Le-pate-en-croute\" class=\"wp-block-spacer\"><\/div>\n\n\n<div class=\"et_pb_code_1 et_pb_code et_pb_module\"><div class=\"et_pb_code_inner\"><div class=\"separateur-couronne\">\n  <span class=\"separateur-ligne\"><\/span>\n  <span class=\"separateur-icone\">\n    <img decoding=\"async\" \n      src=\"https:\/\/www.saint-gery.com\/wp-content\/uploads\/2024\/11\/Couronne-icone-blason-80px-bot-margin.png\" \n      alt=\"Decorative crown\"\n      width=\"80\"\n    \/>\n  <\/span>\n  <span class=\"separateur-ligne\"><\/span>\n<\/div>\n\n<style>\n.separateur-couronne {\n  display: flex;\n  align-items: center;\n  justify-content: center;\n  width: 100%;\n  margin: 20px auto;\n  gap: 35px;\n}\n\n.separateur-ligne {\n  flex: 1;\n  height: 1px;\n  background-color: #c8a97e;\n  display: block;\n  max-width: 140px;\n}\n\n.separateur-icone {\n  display: flex;\n  align-items: center;\n  justify-content: center;\n  flex-shrink: 0;\n}\n\n.separateur-icone img {\n  display: block;\n  width: 80px;\n  height: auto;\n}\n<\/style><\/div><\/div>\n\n<div class=\"et_pb_with_border et_pb_module et_d4_element torq_divider torq_divider_1\">\n\t\t\t\t\n\t\t\t\t\n\t\t\t\t\n\t\t\t\t\n\t\t\t\t\n\t\t\t\t\n\t\t\t\t<div class=\"et_pb_module_inner\">\n\t\t\t\t\t<div class=\"dtp-module dtp-divider\">\n                <div class=\"dtp-divider__border dtp-divider__border-start\"><\/div>\n                \n                <div class=\"dtp-divider__border dtp-divider__border-end\"><\/div>\n                \n            <\/div>\n\t\t\t\t<\/div>\n\t\t\t<\/div>\n\n\n\n\n<h2 class=\"wp-block-heading\">Le p\u00e2t\u00e9 en cro\u00fbte<\/h2>\n\n\n\n<p>Au restaurant, nous pr\u00e9parons r\u00e9guli\u00e8rement des p\u00e2t\u00e9s en cro\u00fbte pour le bonheur de nos convives (et de la famille). Ce qui nous int\u00e9resse, c\u2019est le go\u00fbt : la texture, la profondeur, l\u2019\u00e9quilibre, enfin tous ces petits d\u00e9tails qui, mis bout \u00e0 bout, font la diff\u00e9rence. Avec toujours la m\u00eame logique.<\/p>\n\n\n\n<blockquote class=\"wp-block-quote is-style-plain is-layout-flow wp-block-quote-is-layout-flow\">\n<p>C\u2019est avec cette philosophie que nous pr\u00e9parons nos p\u00e2t\u00e9s en cro\u00fbte.<\/p>\n<\/blockquote>\n\n\n\n<p>La base de notre savoir-faire : c\u2019est la recherche incessante d\u2019ingr\u00e9dients sains et respectueux, du plus important jusqu\u2019\u00e0 celui qui semble le plus n\u00e9gligeable, du plus visible au plus cach\u00e9. C\u2019est ce qui apporte ce suppl\u00e9ment d\u2019\u00e2me indispensable \u00e0 une recette et qui fait le style unique de la Maison Duler.<\/p>\n\n\n\n<p><\/p>\n\n\n\n<figure class=\"wp-block-image alignwide size-large is-style-default\"><img decoding=\"async\" src=\"https:\/\/www.saint-gery.com\/wp-content\/uploads\/2023\/05\/Pate-en-croute_HD_FE4I2037.jpg\" alt=\"\" class=\"wp-image-20411\"\/><\/figure>\n\n\n\n<p>Pour la cro\u00fbte, croustillante, savoureuse et digeste, nous utilisons&nbsp;:<br>notre farine de bl\u00e9 truffier, notre saindoux de porc gascon pour remplacer le beurre, du sel naturel de Salies de B\u00e9arn (qui vient d\u2019une source d\u2019eau sal\u00e9e \u2026) et de l\u2019eau de la Source au Loups situ\u00e9e sur le domaine.<\/p>\n\n\n\n<p>Pour la viande, moelleuse, au go\u00fbt profond, nous privil\u00e9gions :<br>le Porc Gascon pure race \u00e9lev\u00e9 sur parcours agroforestier, les volailles bio et agroforesti\u00e8res de Nicolas \u00e9lev\u00e9es longuement et sp\u00e9cialement pour nous, le veau Bio d\u2019Henri, n\u00e9 et \u00e9lev\u00e9 dans le Quercy Blanc \u00e0 10 kilom\u00e8tres de la Maison Duler et \u00e9videmment, le foie gras du Lot ultra-frais pr\u00e9par\u00e9 le jour m\u00eame de l\u2019abattage<\/p>\n\n\n\n<p>Pour les gel\u00e9es, complexes et enivrantes, nous utilisons :<br>notre bouillon d\u2019os et couennes de jambon, os et parures de veau bio, os et parures de volailles bio, la garniture aromatique avec les l\u00e9gumes et aromates bio de notre potager\/verger sauvage et toujours l\u2019eau de la Source aux Loups<\/p>\n\n\n\n<p>Nous ma\u00eetrisons la synergie de tous ces \u00e9l\u00e9ments avec d\u00e9licatesse et technicit\u00e9.<br>C\u2019est notre qu\u00eate permanente.<\/p>\n\n\n\n<p class=\"is-style-plain\"><strong>Comment un p\u00e2t\u00e9 en cro\u00fbte peut devenir un produit d\u2019exception !<\/strong><\/p>\n\n\n\n<figure class=\"wp-block-image alignwide size-large\"><img decoding=\"async\" src=\"https:\/\/www.saint-gery.com\/wp-content\/uploads\/2023\/05\/Pate-en-croute_HD_IMGL3800-edited-1024x768.jpg\" alt=\"\" class=\"wp-image-20498\"\/><\/figure>\n\n\n\n<div style=\"height:1px\" aria-hidden=\"true\" id=\"Bouillon-concentre-d-os-et-couennes-de-jambon-\" class=\"wp-block-spacer\"><\/div>\n\n\n<div class=\"et_pb_code_2 et_pb_code et_pb_module\"><div class=\"et_pb_code_inner\"><div class=\"separateur-couronne\">\n  <span class=\"separateur-ligne\"><\/span>\n  <span class=\"separateur-icone\">\n    <img decoding=\"async\" \n      src=\"https:\/\/www.saint-gery.com\/wp-content\/uploads\/2024\/11\/Couronne-icone-blason-80px-bot-margin.png\" \n      alt=\"Decorative crown\"\n      width=\"80\"\n    \/>\n  <\/span>\n  <span class=\"separateur-ligne\"><\/span>\n<\/div>\n\n<style>\n.separateur-couronne {\n  display: flex;\n  align-items: center;\n  justify-content: center;\n  width: 100%;\n  margin: 20px auto;\n  gap: 35px;\n}\n\n.separateur-ligne {\n  flex: 1;\n  height: 1px;\n  background-color: #c8a97e;\n  display: block;\n  max-width: 140px;\n}\n\n.separateur-icone {\n  display: flex;\n  align-items: center;\n  justify-content: center;\n  flex-shrink: 0;\n}\n\n.separateur-icone img {\n  display: block;\n  width: 80px;\n  height: auto;\n}\n<\/style><\/div><\/div>\n\n<div class=\"et_pb_with_border et_pb_module et_d4_element torq_divider torq_divider_2\">\n\t\t\t\t\n\t\t\t\t\n\t\t\t\t\n\t\t\t\t\n\t\t\t\t\n\t\t\t\t\n\t\t\t\t<div class=\"et_pb_module_inner\">\n\t\t\t\t\t<div class=\"dtp-module dtp-divider\">\n                <div class=\"dtp-divider__border dtp-divider__border-start\"><\/div>\n                \n                <div class=\"dtp-divider__border dtp-divider__border-end\"><\/div>\n                \n            <\/div>\n\t\t\t\t<\/div>\n\t\t\t<\/div>\n\n\n\n\n<h2 class=\"wp-block-heading\">Bouillon concentr\u00e9 d\u2019os et couennes de jambon<\/h2>\n\n\n\n<p>Presque chaque semaine, nous fabriquons plusieurs litres de bouillon que nous utilisons pour notre restaurant.\u200b\u200b&nbsp;Une autre partie est mise en pot de verre, que vous trouverez sur notre boutique en ligne.<\/p>\n\n\n\n<p>Ces bouillons, longuement mijot\u00e9s, en plus d\u2019\u00eatre merveilleusement d\u00e9licieux, sont de v\u00e9ritables des \u00e9lixirs&nbsp;de jouvence.&nbsp;<br>Ils constituent une v\u00e9ritable extraction des min\u00e9raux contenus&nbsp;notamment dans les os (calcium, magn\u00e9sium, phosphore, sodium).<\/p>\n\n\n\n<p>Gr\u00e2ce \u00e0 sa teneur \u00e9lev\u00e9e en collag\u00e8ne, le&nbsp;bouillon assouplit les articulations et aide \u00e0 \u00e9vacuer les toxines. C\u2019est pour toutes ces raisons que l\u2019on donnait autrefois un \u00ab bon bouillon \u00bb pour requinquer les malades et convalescents.\u200b<\/p>\n\n\n\n<p>Pour \u00e9laborer nos bouillons, nous couvrons largement les os et les couennes d\u2019eau de source froide, nous ajoutons&nbsp;les l\u00e9gumes de saison du jardin. Puis sur le feu, on porte ce bouillon \u00e0 \u00e9bullition et on le laisse mijoter minimum 24 heures.<\/p>\n\n\n\n<figure class=\"wp-block-image alignwide size-large\"><img decoding=\"async\" width=\"1024\" height=\"761\" src=\"https:\/\/www.saint-gery.com\/wp-content\/uploads\/2018\/03\/bouillon-h\u00e9lice-bl\u00e9-truffier_img_0013-1-1024x761.jpg\" alt=\"\" class=\"wp-image-7886\"\/><\/figure>\n\n\n\n<p>Apr\u00e8s quoi, nous le filtrons au chinois tamis (passoire fine), le bouillon au r\u00e9frig\u00e9rateur et la garniture au compost. Le lendemain, nous enlevons la graisse qui est remont\u00e9e \u00e0 la surface et qui s\u2019est solidifi\u00e9e et nous obtenons un bouillon parfaitement d\u00e9graiss\u00e9.\u200b<br>Si la gastronomie hivernale fait le bonheur des bouillons longuement mijot\u00e9s, ceux-ci&nbsp;se consomment en toute saison.&nbsp;\u200b<\/p>\n\n\n\n<p>L\u2019\u00e9t\u00e9, servez-le chaud ou froid, avec des herbes fraiches finement cisel\u00e9es.<br>L\u2019hiver utilisez-le pour faire une soupe \u00e0 l\u2019oignon<\/p>\n\n\n\n<figure class=\"wp-block-image alignwide size-large\"><img decoding=\"async\" width=\"1024\" height=\"682\" src=\"https:\/\/www.saint-gery.com\/wp-content\/uploads\/2018\/03\/Recette_Bouillon_H\u00e9lices_Chorizo_WEB_IMGL9576-1024x682.jpg\" alt=\"\" class=\"wp-image-7854\"\/><figcaption class=\"wp-element-caption\">Bouillon d'os et couenne de jambon, b\u00e2tonnets de chorizo<\/figcaption><\/figure>","protected":false},"excerpt":{"rendered":"<p>Tous nos cuisin\u00e9s sont fabriqu\u00e9s sans conservateur, ni additif, ni \u00e9mulsifiant, ni aucun ar\u00f4me artificiel ou naturel. Nous apportons un grand soin aux choix des ingr\u00e9dients qui entrent dans leur composition. Les l\u00e9gumes, les herbes, les aromates et les condiments sont tous cultiv\u00e9s dans notre potager-verger sauvage, le porc est le m\u00eame que celui utilis\u00e9 [&hellip;]<\/p>\n","protected":false},"author":1323,"featured_media":7810,"parent":0,"menu_order":0,"comment_status":"closed","ping_status":"closed","template":"","meta":{"_acf_changed":false,"_coblocks_attr":"","_coblocks_dimensions":"","_coblocks_responsive_height":"","_coblocks_accordion_ie_support":"","_et_pb_use_builder":"off","_et_pb_old_content":"","_et_gb_content_width":"1200","footnotes":""},"class_list":["post-29531","page","type-page","status-publish","has-post-thumbnail","hentry"],"acf":[],"yoast_head":"<!-- This site is optimized with the Yoast SEO plugin v27.5 - https:\/\/yoast.com\/product\/yoast-seo-wordpress\/ -->\n<title>Les cuisin\u00e9s - Maison Duler<\/title>\n<meta name=\"robots\" content=\"index, follow, max-snippet:-1, max-image-preview:large, max-video-preview:-1\" \/>\n<link rel=\"canonical\" href=\"https:\/\/www.saint-gery.com\/en\/the-kitchens\/\" \/>\n<meta property=\"og:locale\" content=\"en_GB\" \/>\n<meta property=\"og:type\" content=\"article\" \/>\n<meta property=\"og:title\" content=\"Les cuisin\u00e9s - Maison Duler\" \/>\n<meta property=\"og:description\" content=\"Tous nos cuisin\u00e9s sont fabriqu\u00e9s sans conservateur, ni additif, ni \u00e9mulsifiant, ni aucun ar\u00f4me artificiel ou naturel. Nous apportons un grand soin aux choix des ingr\u00e9dients qui entrent dans leur composition. Les l\u00e9gumes, les herbes, les aromates et les condiments sont tous cultiv\u00e9s dans notre potager-verger sauvage, le porc est le m\u00eame que celui utilis\u00e9 [&hellip;]\" \/>\n<meta property=\"og:url\" content=\"https:\/\/www.saint-gery.com\/en\/the-kitchens\/\" \/>\n<meta property=\"og:site_name\" content=\"Maison Duler\" \/>\n<meta property=\"article:modified_time\" content=\"2025-06-03T21:14:57+00:00\" \/>\n<meta property=\"og:image\" content=\"https:\/\/www.saint-gery.com\/wp-content\/uploads\/2018\/03\/Bouillon_Jus_Chaudron_Cheminee_WEB_IMGL9396.jpg\" \/>\n\t<meta property=\"og:image:width\" content=\"2000\" \/>\n\t<meta property=\"og:image:height\" content=\"1333\" \/>\n\t<meta property=\"og:image:type\" content=\"image\/jpeg\" \/>\n<meta name=\"twitter:card\" content=\"summary_large_image\" \/>\n<meta name=\"twitter:label1\" content=\"Estimated reading time\" \/>\n\t<meta name=\"twitter:data1\" content=\"7 minutes\" \/>\n<script type=\"application\/ld+json\" class=\"yoast-schema-graph\">{\"@context\":\"https:\\\/\\\/schema.org\",\"@graph\":[{\"@type\":\"WebPage\",\"@id\":\"https:\\\/\\\/www.saint-gery.com\\\/les-cuisines\\\/\",\"url\":\"https:\\\/\\\/www.saint-gery.com\\\/les-cuisines\\\/\",\"name\":\"Les cuisin\u00e9s - Maison Duler\",\"isPartOf\":{\"@id\":\"https:\\\/\\\/www.saint-gery.com\\\/#website\"},\"primaryImageOfPage\":{\"@id\":\"https:\\\/\\\/www.saint-gery.com\\\/les-cuisines\\\/#primaryimage\"},\"image\":{\"@id\":\"https:\\\/\\\/www.saint-gery.com\\\/les-cuisines\\\/#primaryimage\"},\"thumbnailUrl\":\"https:\\\/\\\/www.saint-gery.com\\\/wp-content\\\/uploads\\\/2018\\\/03\\\/Bouillon_Jus_Chaudron_Cheminee_WEB_IMGL9396.jpg\",\"datePublished\":\"2024-11-06T14:31:18+00:00\",\"dateModified\":\"2025-06-03T21:14:57+00:00\",\"breadcrumb\":{\"@id\":\"https:\\\/\\\/www.saint-gery.com\\\/les-cuisines\\\/#breadcrumb\"},\"inLanguage\":\"en-GB\",\"potentialAction\":[{\"@type\":\"ReadAction\",\"target\":[\"https:\\\/\\\/www.saint-gery.com\\\/les-cuisines\\\/\"]}]},{\"@type\":\"ImageObject\",\"inLanguage\":\"en-GB\",\"@id\":\"https:\\\/\\\/www.saint-gery.com\\\/les-cuisines\\\/#primaryimage\",\"url\":\"https:\\\/\\\/www.saint-gery.com\\\/wp-content\\\/uploads\\\/2018\\\/03\\\/Bouillon_Jus_Chaudron_Cheminee_WEB_IMGL9396.jpg\",\"contentUrl\":\"https:\\\/\\\/www.saint-gery.com\\\/wp-content\\\/uploads\\\/2018\\\/03\\\/Bouillon_Jus_Chaudron_Cheminee_WEB_IMGL9396.jpg\",\"width\":2000,\"height\":1333},{\"@type\":\"BreadcrumbList\",\"@id\":\"https:\\\/\\\/www.saint-gery.com\\\/les-cuisines\\\/#breadcrumb\",\"itemListElement\":[{\"@type\":\"ListItem\",\"position\":1,\"name\":\"Accueil\",\"item\":\"https:\\\/\\\/www.saint-gery.com\\\/\"},{\"@type\":\"ListItem\",\"position\":2,\"name\":\"Les cuisin\u00e9s\"}]},{\"@type\":\"WebSite\",\"@id\":\"https:\\\/\\\/www.saint-gery.com\\\/#website\",\"url\":\"https:\\\/\\\/www.saint-gery.com\\\/\",\"name\":\"Maison Duler\",\"description\":\"Le luxe de la simplicit\u00e9\",\"publisher\":{\"@id\":\"https:\\\/\\\/www.saint-gery.com\\\/#organization\"},\"potentialAction\":[{\"@type\":\"SearchAction\",\"target\":{\"@type\":\"EntryPoint\",\"urlTemplate\":\"https:\\\/\\\/www.saint-gery.com\\\/?s={search_term_string}\"},\"query-input\":{\"@type\":\"PropertyValueSpecification\",\"valueRequired\":true,\"valueName\":\"search_term_string\"}}],\"inLanguage\":\"en-GB\"},{\"@type\":\"Organization\",\"@id\":\"https:\\\/\\\/www.saint-gery.com\\\/#organization\",\"name\":\"Maison Duler\",\"url\":\"https:\\\/\\\/www.saint-gery.com\\\/\",\"logo\":{\"@type\":\"ImageObject\",\"inLanguage\":\"en-GB\",\"@id\":\"https:\\\/\\\/www.saint-gery.com\\\/#\\\/schema\\\/logo\\\/image\\\/\",\"url\":\"https:\\\/\\\/www.saint-gery.com\\\/wp-content\\\/uploads\\\/2022\\\/12\\\/Logo_MD_2022_simplifie_couleur-scaled.png\",\"contentUrl\":\"https:\\\/\\\/www.saint-gery.com\\\/wp-content\\\/uploads\\\/2022\\\/12\\\/Logo_MD_2022_simplifie_couleur-scaled.png\",\"width\":2560,\"height\":1276,\"caption\":\"Maison Duler\"},\"image\":{\"@id\":\"https:\\\/\\\/www.saint-gery.com\\\/#\\\/schema\\\/logo\\\/image\\\/\"}}]}<\/script>\n<!-- \/ Yoast SEO plugin. -->","yoast_head_json":{"title":"Les cuisin\u00e9s - Maison Duler","robots":{"index":"index","follow":"follow","max-snippet":"max-snippet:-1","max-image-preview":"max-image-preview:large","max-video-preview":"max-video-preview:-1"},"canonical":"https:\/\/www.saint-gery.com\/en\/the-kitchens\/","og_locale":"en_GB","og_type":"article","og_title":"Les cuisin\u00e9s - Maison Duler","og_description":"Tous nos cuisin\u00e9s sont fabriqu\u00e9s sans conservateur, ni additif, ni \u00e9mulsifiant, ni aucun ar\u00f4me artificiel ou naturel. Nous apportons un grand soin aux choix des ingr\u00e9dients qui entrent dans leur composition. Les l\u00e9gumes, les herbes, les aromates et les condiments sont tous cultiv\u00e9s dans notre potager-verger sauvage, le porc est le m\u00eame que celui utilis\u00e9 [&hellip;]","og_url":"https:\/\/www.saint-gery.com\/en\/the-kitchens\/","og_site_name":"Maison Duler","article_modified_time":"2025-06-03T21:14:57+00:00","og_image":[{"width":2000,"height":1333,"url":"https:\/\/www.saint-gery.com\/wp-content\/uploads\/2018\/03\/Bouillon_Jus_Chaudron_Cheminee_WEB_IMGL9396.jpg","type":"image\/jpeg"}],"twitter_card":"summary_large_image","twitter_misc":{"Estimated reading time":"7 minutes"},"schema":{"@context":"https:\/\/schema.org","@graph":[{"@type":"WebPage","@id":"https:\/\/www.saint-gery.com\/les-cuisines\/","url":"https:\/\/www.saint-gery.com\/les-cuisines\/","name":"Les cuisin\u00e9s - Maison Duler","isPartOf":{"@id":"https:\/\/www.saint-gery.com\/#website"},"primaryImageOfPage":{"@id":"https:\/\/www.saint-gery.com\/les-cuisines\/#primaryimage"},"image":{"@id":"https:\/\/www.saint-gery.com\/les-cuisines\/#primaryimage"},"thumbnailUrl":"https:\/\/www.saint-gery.com\/wp-content\/uploads\/2018\/03\/Bouillon_Jus_Chaudron_Cheminee_WEB_IMGL9396.jpg","datePublished":"2024-11-06T14:31:18+00:00","dateModified":"2025-06-03T21:14:57+00:00","breadcrumb":{"@id":"https:\/\/www.saint-gery.com\/les-cuisines\/#breadcrumb"},"inLanguage":"en-GB","potentialAction":[{"@type":"ReadAction","target":["https:\/\/www.saint-gery.com\/les-cuisines\/"]}]},{"@type":"ImageObject","inLanguage":"en-GB","@id":"https:\/\/www.saint-gery.com\/les-cuisines\/#primaryimage","url":"https:\/\/www.saint-gery.com\/wp-content\/uploads\/2018\/03\/Bouillon_Jus_Chaudron_Cheminee_WEB_IMGL9396.jpg","contentUrl":"https:\/\/www.saint-gery.com\/wp-content\/uploads\/2018\/03\/Bouillon_Jus_Chaudron_Cheminee_WEB_IMGL9396.jpg","width":2000,"height":1333},{"@type":"BreadcrumbList","@id":"https:\/\/www.saint-gery.com\/les-cuisines\/#breadcrumb","itemListElement":[{"@type":"ListItem","position":1,"name":"Accueil","item":"https:\/\/www.saint-gery.com\/"},{"@type":"ListItem","position":2,"name":"Les cuisin\u00e9s"}]},{"@type":"WebSite","@id":"https:\/\/www.saint-gery.com\/#website","url":"https:\/\/www.saint-gery.com\/","name":"Duler House","description":"The luxury of simplicity","publisher":{"@id":"https:\/\/www.saint-gery.com\/#organization"},"potentialAction":[{"@type":"SearchAction","target":{"@type":"EntryPoint","urlTemplate":"https:\/\/www.saint-gery.com\/?s={search_term_string}"},"query-input":{"@type":"PropertyValueSpecification","valueRequired":true,"valueName":"search_term_string"}}],"inLanguage":"en-GB"},{"@type":"Organization","@id":"https:\/\/www.saint-gery.com\/#organization","name":"Duler House","url":"https:\/\/www.saint-gery.com\/","logo":{"@type":"ImageObject","inLanguage":"en-GB","@id":"https:\/\/www.saint-gery.com\/#\/schema\/logo\/image\/","url":"https:\/\/www.saint-gery.com\/wp-content\/uploads\/2022\/12\/Logo_MD_2022_simplifie_couleur-scaled.png","contentUrl":"https:\/\/www.saint-gery.com\/wp-content\/uploads\/2022\/12\/Logo_MD_2022_simplifie_couleur-scaled.png","width":2560,"height":1276,"caption":"Maison Duler"},"image":{"@id":"https:\/\/www.saint-gery.com\/#\/schema\/logo\/image\/"}}]}},"_links":{"self":[{"href":"https:\/\/www.saint-gery.com\/en\/wp-json\/wp\/v2\/pages\/29531","targetHints":{"allow":["GET"]}}],"collection":[{"href":"https:\/\/www.saint-gery.com\/en\/wp-json\/wp\/v2\/pages"}],"about":[{"href":"https:\/\/www.saint-gery.com\/en\/wp-json\/wp\/v2\/types\/page"}],"author":[{"embeddable":true,"href":"https:\/\/www.saint-gery.com\/en\/wp-json\/wp\/v2\/users\/1323"}],"replies":[{"embeddable":true,"href":"https:\/\/www.saint-gery.com\/en\/wp-json\/wp\/v2\/comments?post=29531"}],"version-history":[{"count":24,"href":"https:\/\/www.saint-gery.com\/en\/wp-json\/wp\/v2\/pages\/29531\/revisions"}],"predecessor-version":[{"id":37689,"href":"https:\/\/www.saint-gery.com\/en\/wp-json\/wp\/v2\/pages\/29531\/revisions\/37689"}],"wp:featuredmedia":[{"embeddable":true,"href":"https:\/\/www.saint-gery.com\/en\/wp-json\/wp\/v2\/media\/7810"}],"wp:attachment":[{"href":"https:\/\/www.saint-gery.com\/en\/wp-json\/wp\/v2\/media?parent=29531"}],"curies":[{"name":"wp","href":"https:\/\/api.w.org\/{rel}","templated":true}]}}